{"id":14,"date":"2012-04-17T23:30:59","date_gmt":"2012-04-17T23:30:59","guid":{"rendered":"https:\/\/papnovelde2.hu\/?page_id=14"},"modified":"2024-07-11T13:06:14","modified_gmt":"2024-07-11T11:06:14","slug":"tisztsegviselok","status":"publish","type":"page","link":"https:\/\/papnovelde2.hu\/?page_id=14","title":{"rendered":"Tiszts\u00e9gvisel\u0151k&#8230;"},"content":{"rendered":"<p>&nbsp;<\/p>\n<table style=\"text-align: left; width: 100%;\" border=\"0\" cellspacing=\"2\" cellpadding=\"2\">\n<tbody>\n<tr>\n<td style=\"vertical-align: top;\">K\u00f6z\u00f6s k\u00e9pvisel\u0151<\/td>\n<td style=\"vertical-align: top;\">Eriser Ingatlankezel\u0151 Kft., Kopros Istv\u00e1nn\u00e9 (70\/601-0547) 2024.05.17-t\u0151l<\/p>\n<p><strong>Kor\u00e1bban:<\/strong><\/p>\n<p>Jeney Attila 2021.10.01-t\u0151l 2024.03.25. (2023: f\u00f6ldszinti homlokzat (Budapest Building), 2023: tet\u0151fel\u00faj\u00edt\u00e1s (Bereczki)<\/p>\n<p>SZ&amp;S Green Kft., dr. Serf\u0151z\u0151 R\u00f3bert 2018.01.01-t\u0151l 2021.09.30-ig Referens: Horv\u00e1th J\u00falia (30\/370-54-38 1\/478-0464\/582 <a href=\"mailto:iroda@szsgroup.hu\">iroda@szsgroup.hu<\/a>) (M\u00fcller Mih\u00e1ly <a href=\"https:\/\/szsgroup.hu\/\" target=\"_blank\" rel=\"noopener noreferrer\">Sz&amp;S Group Kft.<\/a> 2020.01.31-ig) (2022: falv\u00e1g\u00e1sos \u00e9p\u00fcletszigetel\u00e9s)<\/p>\n<p>Salg\u00f3 Zsuzsa\u00a0 2017.08.01-t\u0151l 2017.12.31-ig<\/p>\n<p>Homa Zoli 2017.08.01-ig (j\u00f3l sz\u00e9tlopta a h\u00e1zat:-)<\/p>\n<p>Jeney \u00a0Attila 2012.04.05-t\u0151l 2016.06.30-ig (k\u00e9m\u00e9nysepr\u0151 j\u00e1rd\u00e1k, k\u00e9m\u00e9nyek fel\u00faj\u00edt\u00e1sa, 15-m-eg bel\u00fcli k\u00e9m\u00e9nyek b\u00e9lel\u00e9se Fur\u00e1nfleks-szel, bels\u0151 homlokzatfel\u00faj\u00edt\u00e1s barterezve Tak\u00e1ccsal, a falv\u00e1g\u00e1sos szigetel\u00e9s el\u0151k\u00e9sz\u00edt\u00e9se)<\/p>\n<p>Egyeki Zsolt 2006.04.07-t\u0151l 2012.04.05-ig (2007: Kapu fel\u00faj\u00edt\u00e1s, d\u00edszr\u00e1cs az \u00e1rk\u00e1dra)<\/p>\n<p>J\u00e1mbor Andr\u00e1s 2006.04.07-ig (l\u00e1bazat fel\u00faj\u00edt\u00e1s a h\u00e1z k\u00f6r\u00fcl, d\u00edszkonzolok cser\u00e9je)<\/p>\n<p>Benke Tam\u00e1s (2001.07.30: csatorna fel\u00faj\u00edt\u00e1s, g\u00e1zvezet\u00e9k fel\u00faj\u00edt\u00e1s)<\/p>\n<p><a href=\"https:\/\/port.hu\/adatlap\/szemely\/zabo-gabor\/person-1679\" target=\"_blank\" rel=\"noopener\">Zab\u00f3 G\u00e1bor<\/a> (filmproducer) is volt k\u00f6z\u00f6s k\u00e9pvisel\u0151, az anyuk\u00e1ja a fszt. 4-ben lakott.<\/p>\n<p>&nbsp;<\/td>\n<td style=\"vertical-align: top;\">1\/266-26-48<\/td>\n<td style=\"vertical-align: top;\">info@eriser.hu<\/td>\n<\/tr>\n<tr>\n<td style=\"vertical-align: top;\">Sz.B. tag<\/td>\n<td style=\"vertical-align: top;\">Agg Ferenc<\/td>\n<td style=\"vertical-align: top;\">30\/216-49-86<\/td>\n<td style=\"vertical-align: top;\">aggferenc@aodkft.hu<\/td>\n<\/tr>\n<tr>\n<td style=\"vertical-align: top;\">Sz.B. tag<\/td>\n<td style=\"vertical-align: top;\">R\u00f3zsahegyi Bal\u00e1zs<\/td>\n<td style=\"vertical-align: top;\">70\/366-66-65<\/td>\n<td style=\"vertical-align: top;\">rozsahegyi.b@gmail.com<\/td>\n<\/tr>\n<tr>\n<td style=\"vertical-align: top;\">Sz.B. tag<\/td>\n<td style=\"vertical-align: top;\">K\u00fcrti Vir\u00e1g<\/td>\n<td style=\"vertical-align: top;\">30\/549-92-85<\/td>\n<td style=\"vertical-align: top;\">viragkurti@gmail.com<\/td>\n<\/tr>\n<tr>\n<td style=\"vertical-align: top;\">\u00a0Gondnok<\/td>\n<td style=\"vertical-align: top;\">\u00a0Utolj\u00e1ra Jeney Attila (2016.09.01-2017.06.30, 2018.12.01-2020.12.31)<\/td>\n<td style=\"vertical-align: top;\">\u00a030\/9-642-179<\/td>\n<td style=\"vertical-align: top;\">\u00a0<a href=\"mailto:attila.jeney@gmail.com\">attila.jeney@gmail.com<\/a><\/td>\n<\/tr>\n<tr>\n<td style=\"vertical-align: top;\">\u00c1lland\u00f3, bels\u0151 tan\u00e1csad\u00f3<\/td>\n<td style=\"vertical-align: top;\">M\u00e1tai J\u00f3zsef<\/td>\n<td style=\"vertical-align: top;\">30\/640-41-83<\/td>\n<td style=\"vertical-align: top;\"><a href=\"mailto:mataij@unitef.hu\">mataij@unitef.hu<\/a><\/td>\n<\/tr>\n<tr>\n<td style=\"vertical-align: top;\">K\u00f6nyvel\u0151<\/td>\n<td style=\"vertical-align: top;\">\n<ul>\n<li>2021.10.01-t\u0151l Gusly Jol\u00e1n az eH\u00e1z programmal. Az eH\u00e1z szerz\u0151d\u00e9s <a href=\"https:\/\/varosvedo.hu\/P2\/2021_10_01_p2_ehaz_szerzodes_20211001_0001.pdf\" target=\"_blank\" rel=\"noopener\">itt olvashat\u00f3<\/a>, a k\u00f6nyvel\u0151i megb\u00edz\u00e1si szerz\u0151d\u00e9s <a href=\"https:\/\/varosvedo.hu\/P2\/2021_10_01_gosuly_P2_szerzodes_20211128_0001.pdf\" target=\"_blank\" rel=\"noopener\">pedig itt<\/a>.<\/li>\n<li>Sz&amp;S Group Kft.<\/li>\n<li>(kor\u00e1bban Gosuly Jol\u00e1n,<\/li>\n<li>T\u00f3thn\u00e9 Erzsike 2014.12.31-ig)<\/li>\n<\/ul>\n<\/td>\n<td style=\"vertical-align: top;\">\u00a030\/851-29-92<\/td>\n<td style=\"vertical-align: top;\"><a href=\"mailto:g.jolan@gmail.com\">g.jolan<wbr \/>@gmail.com<\/a><\/td>\n<\/tr>\n<tr>\n<td style=\"vertical-align: top;\">\u00dcgyv\u00e9d<\/td>\n<td style=\"vertical-align: top;\">Dr. Simon Zsuzsa<\/td>\n<td style=\"vertical-align: top;\">\u00a030\/977-33-15<\/td>\n<td style=\"vertical-align: top;\"><a href=\"mailto:s_zs@drsimonzs.hu\">s_zs@drsimonzs.hu<\/a><\/td>\n<\/tr>\n<tr>\n<td style=\"vertical-align: top;\">M\u0171eml\u00e9k fel\u00fcgyel\u0151<\/td>\n<td style=\"vertical-align: top;\">Nem tudni. (Kb. 2021-ig Leposa L\u00e1szl\u00f3, kb. 2015-ig Vinkovits Zsuzsanna)<\/td>\n<td style=\"vertical-align: top;\">\u00a0354-2950<\/td>\n<td style=\"vertical-align: top;\">?<\/td>\n<\/tr>\n<tr>\n<td style=\"vertical-align: top;\">H\u00e1z takar\u00edt\u00f3<\/td>\n<td style=\"vertical-align: top;\">\n<ul>\n<li>Ruff Ildik\u00f3 (2023.06.01-t\u0151l)<\/li>\n<li>Hopp\u00e1l B\u00e1lint Attila (2023.04.29-t\u0151l)<\/li>\n<li>Kocsis L\u00e1szl\u00f3,<\/li>\n<li>F\u00f6ldessy Dalma (kor\u00e1bban)<\/li>\n<li>Sz\u00e9kb\u00edr\u00f3 Mih\u00e1lyn\u00e9 Marika<\/li>\n<\/ul>\n<\/td>\n<td style=\"vertical-align: top;\">\u00a070\/774-36-99<\/td>\n<td style=\"vertical-align: top;\">ruff.ildiko@gmail.com<\/td>\n<\/tr>\n<tr>\n<td style=\"vertical-align: top;\">M\u0171szaki ellen\u0151r\u00f6k<\/td>\n<td style=\"vertical-align: top;\">\n<ul>\n<li>T\u00f3th L\u00e1szl\u00f3 (2023. tet\u0151)<\/li>\n<li>Vadla Viktor (2023. tet\u0151)<\/li>\n<li>T\u00f3th L\u00e1szl\u00f3 (2022. homlokzat)<\/li>\n<li>Dr. Vudi Csaba (2014. k\u00e9m\u00e9nyek)<\/li>\n<\/ul>\n<\/td>\n<td style=\"vertical-align: top;\">30\/516-05-58<\/td>\n<td style=\"vertical-align: top;\">viktorvadla@gmail.com<\/td>\n<\/tr>\n<\/tbody>\n<\/table>\n","protected":false},"excerpt":{"rendered":"<p>&nbsp; K\u00f6z\u00f6s k\u00e9pvisel\u0151 Eriser Ingatlankezel\u0151 Kft., Kopros Istv\u00e1nn\u00e9 (70\/601-0547) 2024.05.17-t\u0151l Kor\u00e1bban: Jeney Attila 2021.10.01-t\u0151l 2024.03.25. (2023: f\u00f6ldszinti homlokzat (Budapest Building), 2023: tet\u0151fel\u00faj\u00edt\u00e1s (Bereczki) SZ&amp;S Green Kft., dr. Serf\u0151z\u0151 R\u00f3bert 2018.01.01-t\u0151l&#8230;<\/p>\n","protected":false},"author":1,"featured_media":0,"parent":0,"menu_order":10,"comment_status":"closed","ping_status":"closed","template":"","meta":{"footnotes":""},"class_list":["post-14","page","type-page","status-publish","hentry","entry","simple"],"_links":{"self":[{"href":"https:\/\/papnovelde2.hu\/index.php?rest_route=\/wp\/v2\/pages\/14","targetHints":{"allow":["GET"]}}],"collection":[{"href":"https:\/\/papnovelde2.hu\/index.php?rest_route=\/wp\/v2\/pages"}],"about":[{"href":"https:\/\/papnovelde2.hu\/index.php?rest_route=\/wp\/v2\/types\/page"}],"author":[{"embeddable":true,"href":"https:\/\/papnovelde2.hu\/index.php?rest_route=\/wp\/v2\/users\/1"}],"replies":[{"embeddable":true,"href":"https:\/\/papnovelde2.hu\/index.php?rest_route=%2Fwp%2Fv2%2Fcomments&post=14"}],"version-history":[{"count":10,"href":"https:\/\/papnovelde2.hu\/index.php?rest_route=\/wp\/v2\/pages\/14\/revisions"}],"predecessor-version":[{"id":2212,"href":"https:\/\/papnovelde2.hu\/index.php?rest_route=\/wp\/v2\/pages\/14\/revisions\/2212"}],"wp:attachment":[{"href":"https:\/\/papnovelde2.hu\/index.php?rest_route=%2Fwp%2Fv2%2Fmedia&parent=14"}],"curies":[{"name":"wp","href":"https:\/\/api.w.org\/{rel}","templated":true}]}}